{"version":"1.0","provider_name":"DYNAFORM","provider_url":"https:\/\/dynaform.ch","author_name":"Dominique Habegger","author_url":"https:\/\/dynaform.ch\/profile\/dominique-habeggerdynaform-ch\/","title":"Le printemps est bient\u00f4t l\u00e0, c'est la bonne saison pour retrouver sa vitalit\u00e9 ! - DYNAFORM","type":"rich","width":600,"height":338,"html":"<blockquote class=\"wp-embedded-content\" data-secret=\"gMurDD9Nd5\"><a href=\"https:\/\/dynaform.ch\/le-printemps-est-bientot-la\/\">Le printemps est bient\u00f4t l\u00e0, c&rsquo;est la bonne saison pour retrouver sa vitalit\u00e9 !<\/a><\/blockquote><iframe sandbox=\"allow-scripts\" security=\"restricted\" src=\"https:\/\/dynaform.ch\/le-printemps-est-bientot-la\/embed\/#?secret=gMurDD9Nd5\" width=\"600\" height=\"338\" title=\"\u00ab\u00a0Le printemps est bient\u00f4t l\u00e0, c&rsquo;est la bonne saison pour retrouver sa vitalit\u00e9 !\u00a0\u00bb &#8212; DYNAFORM\" data-secret=\"gMurDD9Nd5\" frameborder=\"0\" marginwidth=\"0\" marginheight=\"0\" scrolling=\"no\" class=\"wp-embedded-content\"><\/iframe><script type=\"text\/javascript\">\n\/* <![CDATA[ *\/\n\/*! This file is auto-generated *\/\n!function(d,l){\"use strict\";l.querySelector&&d.addEventListener&&\"undefined\"!=typeof URL&&(d.wp=d.wp||{},d.wp.receiveEmbedMessage||(d.wp.receiveEmbedMessage=function(e){var t=e.data;if((t||t.secret||t.message||t.value)&&!\/[^a-zA-Z0-9]\/.test(t.secret)){for(var s,r,n,a=l.querySelectorAll('iframe[data-secret=\"'+t.secret+'\"]'),o=l.querySelectorAll('blockquote[data-secret=\"'+t.secret+'\"]'),c=new RegExp(\"^https?:$\",\"i\"),i=0;i<o.length;i++)o[i].style.display=\"none\";for(i=0;i<a.length;i++)s=a[i],e.source===s.contentWindow&&(s.removeAttribute(\"style\"),\"height\"===t.message?(1e3<(r=parseInt(t.value,10))?r=1e3:~~r<200&&(r=200),s.height=r):\"link\"===t.message&&(r=new URL(s.getAttribute(\"src\")),n=new URL(t.value),c.test(n.protocol))&&n.host===r.host&&l.activeElement===s&&(d.top.location.href=t.value))}},d.addEventListener(\"message\",d.wp.receiveEmbedMessage,!1),l.addEventListener(\"DOMContentLoaded\",function(){for(var e,t,s=l.querySelectorAll(\"iframe.wp-embedded-content\"),r=0;r<s.length;r++)(t=(e=s[r]).getAttribute(\"data-secret\"))||(t=Math.random().toString(36).substring(2,12),e.src+=\"#?secret=\"+t,e.setAttribute(\"data-secret\",t)),e.contentWindow.postMessage({message:\"ready\",secret:t},\"*\")},!1)))}(window,document);\n\/* ]]> *\/\n<\/script>\n","thumbnail_url":"https:\/\/dynaform.ch\/media\/uploads\/2017\/11\/pexels-photo-413735.jpeg","thumbnail_width":640,"thumbnail_height":426,"description":"Cr\u00e9\u00e9 \u00e0 la fin des ann\u00e9es 1990, ce terme de marketing, form\u00e9 sur \u00ab aliment \u00bb et \u00ab m\u00e9dicament \u00bb, d\u00e9signe un aliment qui, sans \u00eatre un m\u00e9dicament, est destin\u00e9 \u00e0 pr\u00e9venir certaines affections en m\u00eame temps qu&rsquo;il nourrit. Bien qu\u2019il n\u2019existe pas de d\u00e9finition exacte, le terme alicament est utilis\u00e9 pour d\u00e9crire un aliment &hellip; Continuer la lecture de &laquo;&nbsp;&nbsp;&raquo;"}